{"id":3062,"date":"2015-11-12T21:37:13","date_gmt":"2015-11-12T20:37:13","guid":{"rendered":"http:\/\/gentlestudio.fr\/portrait\/?page_id=3062"},"modified":"2020-11-13T17:48:37","modified_gmt":"2020-11-13T16:48:37","slug":"tarifs-photographe-portrait","status":"publish","type":"page","link":"https:\/\/gentlestudio.fr\/portrait\/tarifs-photographe-portrait\/","title":{"rendered":"Nos Tarifs"},"content":{"rendered":"[vc_row type=\u00a0\u00bbfull_width_background\u00a0\u00bb top_padding=\u00a0\u00bb1&Prime; bottom_padding=\u00a0\u00bb1&Prime;][vc_column centered_text=\u00a0\u00bbtrue\u00a0\u00bb background_color=\u00a0\u00bb#f9f8ef\u00a0\u00bb font_color=\u00a0\u00bb#f9f8ef\u00a0\u00bb][vc_column_text]\n<p><span style=\"color: #f9f8ef;\">TARIF PHOTOGRAPHE PORTRAIT<\/span><\/p>\n[\/vc_column_text][\/vc_column][\/vc_row][vc_row text_align=\u00a0\u00bbcenter\u00a0\u00bb top_padding=\u00a0\u00bb40&Prime; bottom_padding=\u00a0\u00bb20&Prime;][vc_column][vc_column_text]\n<h1>Nos tarifs portrait et shooting<\/h1>\n<h2>Un tarif adapt\u00e9 \u00e0 chaque besoin, demandez \u00e0 r\u00e9server votre s\u00e9ance !<\/h2>\n[\/vc_column_text][\/vc_column][\/vc_row][vc_row type=\u00a0\u00bbfull_width_background\u00a0\u00bb bg_color=\u00a0\u00bb#1c1c1c\u00a0\u00bb text_color=\u00a0\u00bbcustom\u00a0\u00bb custom_text_color=\u00a0\u00bb#dd9933&Prime; top_padding=\u00a0\u00bb40&Prime; bottom_padding=\u00a0\u00bb80&Prime;][vc_column][pricing_table style=\u00a0\u00bbdefault\u00a0\u00bb columns=\u00a0\u00bb4&Prime;][pricing_column color=\u00a0\u00bbAccent-Color\u00a0\u00bb title=\u00a0\u00bbS\u00e9ance 40 minutes\u00a0\u00bb price=\u00a0\u00bb65&Prime; currency_symbol=\u00a0\u00bb\u20ac\u00a0\u00bb interval=\u00a0\u00bbSHOOTING TOUT COMPRIS :\u00a0\u00bb id=\u00a0\u00bb1389950168111-3&Prime; tab_id=\u00a0\u00bb1447259900675-0&Prime;]\n<ul class=\"features\">\n<li>S\u00e9ance de <strong>40 minutes<\/strong><\/li>\n<li>Vos photos\u00a0sur galerie web priv\u00e9e<\/li>\n<li>Photos libres de droits, sans logo ni filigranes<\/li>\n<\/ul>\n<a class=\"nectar-button n-sc-button large accent-color regular-button\"  href=\"http:\/\/gentlestudio.fr\/portrait\/contact-photographe-portrait\/\" data-color-override=\"false\" data-hover-color-override=\"false\" data-hover-text-color-override=\"#fff\"><span>Nous contacter<\/span><\/a>[\/pricing_column][pricing_column highlight=\u00a0\u00bbtrue\u00a0\u00bb color=\u00a0\u00bbExtra-Color-3&Prime; title=\u00a0\u00bbS\u00e9ance 1 heures\u00a0\u00bb price=\u00a0\u00bb80&Prime; currency_symbol=\u00a0\u00bb\u20ac\u00a0\u00bb interval=\u00a0\u00bbSHOOTING TOUT COMPRIS :\u00a0\u00bb id=\u00a0\u00bb1448354099438-0-5&Prime; tab_id=\u00a0\u00bb1447259900675-0&Prime; highlight_reason=\u00a0\u00bbla plus populaire !\u00a0\u00bb]\n<ul class=\"features\">\n<li>S\u00e9ance de<strong>\u00a01 heures<\/strong><\/li>\n<li>Vos photos\u00a0sur galerie web priv\u00e9e<\/li>\n<li>Photos libres de droits, sans logo ni filigranes<\/li>\n<\/ul>\n<a class=\"nectar-button n-sc-button large accent-color regular-button\"  href=\"http:\/\/gentlestudio.fr\/portrait\/contact-photographe-portrait\/\" data-color-override=\"false\" data-hover-color-override=\"false\" data-hover-text-color-override=\"#fff\"><span>Nous contacter<\/span><\/a>[\/pricing_column][pricing_column highlight=\u00a0\u00bbtrue\u00a0\u00bb color=\u00a0\u00bbExtra-Color-1&Prime; title=\u00a0\u00bbS\u00e9ance 2 heures\u00a0\u00bb price=\u00a0\u00bb150&Prime; currency_symbol=\u00a0\u00bb\u20ac\u00a0\u00bb interval=\u00a0\u00bbSHOOTING TOUT COMPRIS :\u00a0\u00bb id=\u00a0\u00bb1448354176285-0-1&Prime; tab_id=\u00a0\u00bb1447259900675-0&Prime; highlight_reason=\u00a0\u00bbla plus \u00e9conomique !\u00a0\u00bb]\n<ul class=\"features\">\n<li>S\u00e9ance de<strong>\u00a02 heures<\/strong><\/li>\n<li>Vos photos\u00a0sur galerie web priv\u00e9e<\/li>\n<li>Photos libres de droits, sans logo ni filigranes<\/li>\n<\/ul>\n<a class=\"nectar-button n-sc-button large accent-color regular-button\"  href=\"http:\/\/gentlestudio.fr\/portrait\/contact-photographe-portrait\/\" data-color-override=\"false\" data-hover-color-override=\"false\" data-hover-text-color-override=\"#fff\"><span>Nous contacter<\/span><\/a>[\/pricing_column][pricing_column color=\u00a0\u00bbAccent-Color\u00a0\u00bb title=\u00a0\u00bbForfait EVJF ou Babyshower\u00a0\u00bb price=\u00a0\u00bb160&Prime; currency_symbol=\u00a0\u00bb\u20ac\u00a0\u00bb interval=\u00a0\u00bbSHOOTING TOUT COMPRIS :\u00a0\u00bb id=\u00a0\u00bb1448354269557-0-9&Prime; tab_id=\u00a0\u00bb1447259900675-0&Prime;]\n<ul class=\"features\">\n<li>S\u00e9ance de<strong>\u00a02 heures<\/strong><\/li>\n<li><strong>Suivi des activit\u00e9s<\/strong> EVJF ou Babyshower<\/li>\n<li>Session <strong>Portraits de groupe<\/strong>.<\/li>\n<li>Vos photos\u00a0sur galerie web priv\u00e9e<\/li>\n<li>Photos libres de droits, sans logo ni filigranes<\/li>\n<\/ul>\n<a class=\"nectar-button n-sc-button large accent-color regular-button\"  href=\"http:\/\/gentlestudio.fr\/portrait\/contact-photographe-portrait\/\" data-color-override=\"false\" data-hover-color-override=\"false\" data-hover-text-color-override=\"#fff\"><span>Nous contacter<\/span><\/a>[\/pricing_column][\/pricing_table][\/vc_column][\/vc_row][vc_row type=\u00a0\u00bbfull_width_background\u00a0\u00bb text_align=\u00a0\u00bbcenter\u00a0\u00bb top_padding=\u00a0\u00bb50&Prime; bottom_padding=\u00a0\u00bb50&Prime;][vc_column][vc_column_text]\n<h1>Questions fr\u00e9quemment pos\u00e9es<\/h1>\n[\/vc_column_text][\/vc_column][\/vc_row][vc_row type=\u00a0\u00bbfull_width_background\u00a0\u00bb bg_color=\u00a0\u00bb#efeae6&Prime; top_padding=\u00a0\u00bb40&Prime; bottom_padding=\u00a0\u00bb40&Prime;][vc_column boxed=\u00a0\u00bbtrue\u00a0\u00bb width=\u00a0\u00bb1\/2&Prime;][vc_column_text]\n<h2>\u00ab\u00a0Comment r\u00e9server vos services ?\u00a0\u00bb<\/h2>\n<p>Nous tenons \u00e0 discuter avec vous de votre projet et de vos envies, que ce soit pour r\u00e9aliser un portrait de cv, un book de type mannequin, une s\u00e9ance EVJF ou encore un portrait de famille.<br \/>\nNous vous proposons de nous envoyer un message via <a href=\"https:\/\/gentlestudio.fr\/portrait\/contact-photographe-portrait\/\" target=\"_blank\" rel=\"noopener noreferrer\">la page Contact<\/a>. Si vous \u00eates sur Nancy, nous pourrions en parler autour d&rsquo;un caf\u00e9 ?<br \/>\nLors de ce rendez-vous nous vous montrerons des exemples de notre travail et r\u00e9pondrons \u00e0 toutes vos questions concernant nos tarifs, forfaits et techniques.<\/p>\n<p><a href=\"https:\/\/gentlestudio.fr\/portrait\/contact-photographe-portrait\/\">Nous contacter<\/a>[\/vc_column_text][\/vc_column][vc_column boxed=\u00a0\u00bbtrue\u00a0\u00bb width=\u00a0\u00bb1\/2&Prime;][vc_column_text]\n<h2>\u00ab\u00a0R\u00e9alisez vous des books complets ?\u00a0\u00bb<\/h2>\n<p>Bien sur !<br \/>\nNous sommes sp\u00e9cialis\u00e9s dans la cr\u00e9ation de book pour les mannequin ou les com\u00e9diens.<br \/>\nChoisissez notre forfait book 2 heures de shooting pour essayer et si cela vous a plu, on pourra retenter d&rsquo;autres s\u00e9ances.<br \/>\nVous aurez ensuite la possibilit\u00e9 de nous commander un album pro (demandez \u00e0 en voir un lors de notre rencontre).<\/p>\n<p><a href=\"https:\/\/gentlestudio.fr\/portrait\/contact-photographe-portrait\/\">Fixer un rdv<\/a> ![\/vc_column_text][\/vc_column][\/vc_row][vc_row type=\u00a0\u00bbfull_width_background\u00a0\u00bb bg_color=\u00a0\u00bb#efeae6&Prime; top_padding=\u00a0\u00bb30&Prime; bottom_padding=\u00a0\u00bb80&Prime;][vc_column boxed=\u00a0\u00bbtrue\u00a0\u00bb width=\u00a0\u00bb1\/2&Prime;][vc_column_text]\n<h2>\u00ab\u00a0Peut-on demander un Forfait \u00ab\u00a0\u00e0 la carte\u00a0\u00bb ?\u00a0\u00bb<\/h2>\n<p>Tout \u00e0 fait, les tarifs portrait et les prix des forfaits indiqu\u00e9s ici le sont \u00e0 titre indicatif.<br \/>\nVous pouvez demander \u00e0 votre photographe un forfait sur mesure si les dur\u00e9es ou tarifs ne vous conviennent pas tout \u00e0 fait.<\/p>\n<p>Pour un forfait sur mesure, n&rsquo;h\u00e9sitez pas \u00e0 nous <a href=\"https:\/\/gentlestudio.fr\/portrait\/contact-photographe-portrait\/\">contacter.<\/a>[\/vc_column_text][\/vc_column][vc_column boxed=\u00a0\u00bbtrue\u00a0\u00bb width=\u00a0\u00bb1\/2&Prime;][vc_column_text]\n<h2>\u00ab\u00a0O\u00f9 faites vous les photos ?\u00a0\u00bb<\/h2>\n<p>O\u00f9 vous le voulez, nous nous d\u00e9pla\u00e7ons \u00e0 domicile, ou en ext\u00e9rieur et proposons aussi notre studio pour des photos plus pos\u00e9es.<\/p>\n<p>Si vous souhaitez plus d&rsquo;infos \u00e0 ce sujet, <a href=\"https:\/\/gentlestudio.fr\/portrait\/contact-photographe-portrait\/\">contactez-nous.<\/a>[\/vc_column_text][\/vc_column][\/vc_row]\n","protected":false},"excerpt":{"rendered":"<p>[vc_row type=\u00a0\u00bbfull_width_background\u00a0\u00bb top_padding=\u00a0\u00bb1&Prime; bottom_padding=\u00a0\u00bb1&Prime;][vc_column centered_text=\u00a0\u00bbtrue\u00a0\u00bb background_color=\u00a0\u00bb#f9f8ef\u00a0\u00bb font_color=\u00a0\u00bb#f9f8ef\u00a0\u00bb][vc_column_text] TARIF PHOTOGRAPHE PORTRAIT [\/vc_column_text][\/vc_column][\/vc_row][vc_row text_align=\u00a0\u00bbcenter\u00a0\u00bb top_padding=\u00a0\u00bb40&Prime; bottom_padding=\u00a0\u00bb20&Prime;][vc_column][vc_column_text] Nos tarifs portrait et shooting Un tarif adapt\u00e9 \u00e0 chaque besoin, demandez \u00e0 r\u00e9server votre s\u00e9ance&#8230;<\/p>\n","protected":false},"author":1,"featured_media":0,"parent":0,"menu_order":2,"comment_status":"closed","ping_status":"closed","template":"","meta":[],"yoast_head":"<!-- This site is optimized with the Yoast SEO plugin v16.1.1 - https:\/\/yoast.com\/wordpress\/plugins\/seo\/ -->\n<title>Nos Tarifs - Photographe Portrait Gentle Studio<\/title>\n<meta name=\"description\" content=\"tarifs photographe portrait forfait shooting - Gentle Studio, photographes pros sp\u00e9cialistes du Portrait \u00e0 Nancy, Metz, Strasbourg, en Lorraine et ailleurs.\" \/>\n<link rel=\"canonical\" href=\"https:\/\/gentlestudio.fr\/portrait\/tarifs-photographe-portrait\/\" \/>\n<meta property=\"og:locale\" content=\"fr_FR\" \/>\n<meta property=\"og:type\" content=\"article\" \/>\n<meta property=\"og:title\" content=\"Nos Tarifs - Photographe Portrait Gentle Studio\" \/>\n<meta property=\"og:description\" content=\"tarifs photographe portrait forfait shooting - Gentle Studio, photographes pros sp\u00e9cialistes du Portrait \u00e0 Nancy, Metz, Strasbourg, en Lorraine et ailleurs.\" \/>\n<meta property=\"og:url\" content=\"https:\/\/gentlestudio.fr\/portrait\/tarifs-photographe-portrait\/\" \/>\n<meta property=\"og:site_name\" content=\"Photographe Portrait Gentle Studio\" \/>\n<meta property=\"article:publisher\" content=\"https:\/\/www.facebook.com\/Gentle-Studio-184752495025758\" \/>\n<meta property=\"article:modified_time\" content=\"2020-11-13T16:48:37+00:00\" \/>\n<meta name=\"twitter:card\" content=\"summary\" \/>\n<meta name=\"twitter:site\" content=\"@GentleStudio\" \/>\n<meta name=\"twitter:label1\" content=\"Dur\u00e9e de lecture est.\">\n\t<meta name=\"twitter:data1\" content=\"4 minutes\">\n<script type=\"application\/ld+json\" class=\"yoast-schema-graph\">{\"@context\":\"https:\/\/schema.org\",\"@graph\":[{\"@type\":\"WebSite\",\"@id\":\"https:\/\/gentlestudio.fr\/portrait\/#website\",\"url\":\"https:\/\/gentlestudio.fr\/portrait\/\",\"name\":\"Photographe Portrait Gentle Studio\",\"description\":\"Photographe Portrait Nancy Gentle Studio\",\"potentialAction\":[{\"@type\":\"SearchAction\",\"target\":\"https:\/\/gentlestudio.fr\/portrait\/?s={search_term_string}\",\"query-input\":\"required name=search_term_string\"}],\"inLanguage\":\"fr-FR\"},{\"@type\":\"WebPage\",\"@id\":\"https:\/\/gentlestudio.fr\/portrait\/tarifs-photographe-portrait\/#webpage\",\"url\":\"https:\/\/gentlestudio.fr\/portrait\/tarifs-photographe-portrait\/\",\"name\":\"Nos Tarifs - Photographe Portrait Gentle Studio\",\"isPartOf\":{\"@id\":\"https:\/\/gentlestudio.fr\/portrait\/#website\"},\"datePublished\":\"2015-11-12T20:37:13+00:00\",\"dateModified\":\"2020-11-13T16:48:37+00:00\",\"description\":\"tarifs photographe portrait forfait shooting - Gentle Studio, photographes pros sp\\u00e9cialistes du Portrait \\u00e0 Nancy, Metz, Strasbourg, en Lorraine et ailleurs.\",\"breadcrumb\":{\"@id\":\"https:\/\/gentlestudio.fr\/portrait\/tarifs-photographe-portrait\/#breadcrumb\"},\"inLanguage\":\"fr-FR\",\"potentialAction\":[{\"@type\":\"ReadAction\",\"target\":[\"https:\/\/gentlestudio.fr\/portrait\/tarifs-photographe-portrait\/\"]}]},{\"@type\":\"BreadcrumbList\",\"@id\":\"https:\/\/gentlestudio.fr\/portrait\/tarifs-photographe-portrait\/#breadcrumb\",\"itemListElement\":[{\"@type\":\"ListItem\",\"position\":1,\"item\":{\"@type\":\"WebPage\",\"@id\":\"https:\/\/gentlestudio.fr\/portrait\/\",\"url\":\"https:\/\/gentlestudio.fr\/portrait\/\",\"name\":\"Accueil\"}},{\"@type\":\"ListItem\",\"position\":2,\"item\":{\"@type\":\"WebPage\",\"@id\":\"https:\/\/gentlestudio.fr\/portrait\/tarifs-photographe-portrait\/\",\"url\":\"https:\/\/gentlestudio.fr\/portrait\/tarifs-photographe-portrait\/\",\"name\":\"Nos Tarifs\"}}]}]}<\/script>\n<!-- \/ Yoast SEO plugin. -->","_links":{"self":[{"href":"https:\/\/gentlestudio.fr\/portrait\/wp-json\/wp\/v2\/pages\/3062"}],"collection":[{"href":"https:\/\/gentlestudio.fr\/portrait\/wp-json\/wp\/v2\/pages"}],"about":[{"href":"https:\/\/gentlestudio.fr\/portrait\/wp-json\/wp\/v2\/types\/page"}],"author":[{"embeddable":true,"href":"https:\/\/gentlestudio.fr\/portrait\/wp-json\/wp\/v2\/users\/1"}],"replies":[{"embeddable":true,"href":"https:\/\/gentlestudio.fr\/portrait\/wp-json\/wp\/v2\/comments?post=3062"}],"version-history":[{"count":29,"href":"https:\/\/gentlestudio.fr\/portrait\/wp-json\/wp\/v2\/pages\/3062\/revisions"}],"predecessor-version":[{"id":3431,"href":"https:\/\/gentlestudio.fr\/portrait\/wp-json\/wp\/v2\/pages\/3062\/revisions\/3431"}],"wp:attachment":[{"href":"https:\/\/gentlestudio.fr\/portrait\/wp-json\/wp\/v2\/media?parent=3062"}],"curies":[{"name":"wp","href":"https:\/\/api.w.org\/{rel}","templated":true}]}}